{"id":907,"date":"2018-02-03T19:34:52","date_gmt":"2018-02-03T18:34:52","guid":{"rendered":"https:\/\/www.g-imagine.ch\/fr\/\/?page_id=907"},"modified":"2020-09-17T19:23:21","modified_gmt":"2020-09-17T17:23:21","slug":"about","status":"publish","type":"page","link":"https:\/\/www.g-imagine.ch\/fr\/about\/","title":{"rendered":"Notre \u00e9quipe"},"content":{"rendered":"\t\t<div data-elementor-type=\"wp-post\" data-elementor-id=\"907\" class=\"elementor elementor-907\">\n\t\t\t\t\t\t<section class=\"elementor-section elementor-top-section elementor-element elementor-element-5f046962 elementor-section-boxed elementor-section-height-default elementor-section-height-default\" data-id=\"5f046962\" data-element_type=\"section\">\n\t\t\t\t\t\t<div class=\"elementor-container elementor-column-gap-default\">\n\t\t\t\t\t<div class=\"elementor-column elementor-col-100 elementor-top-column elementor-element elementor-element-2bcdc54c\" data-id=\"2bcdc54c\" data-element_type=\"column\">\n\t\t\t<div class=\"elementor-widget-wrap\">\n\t\t\t\t\t\t\t<\/div>\n\t\t<\/div>\n\t\t\t\t\t<\/div>\n\t\t<\/section>\n\t\t\t\t<section class=\"elementor-section elementor-top-section elementor-element elementor-element-40c0cf26 elementor-section-boxed elementor-section-height-default elementor-section-height-default\" data-id=\"40c0cf26\" data-element_type=\"section\">\n\t\t\t\t\t\t<div class=\"elementor-container elementor-column-gap-default\">\n\t\t\t\t\t<div class=\"elementor-column elementor-col-100 elementor-top-column elementor-element elementor-element-2cc3eea3\" data-id=\"2cc3eea3\" data-element_type=\"column\">\n\t\t\t<div class=\"elementor-widget-wrap elementor-element-populated\">\n\t\t\t\t\t\t<div class=\"elementor-element elementor-element-296e0d7f elementor-widget-divider--view-line elementor-widget elementor-widget-divider\" data-id=\"296e0d7f\" data-element_type=\"widget\" data-widget_type=\"divider.default\">\n\t\t\t\t<div class=\"elementor-widget-container\">\n\t\t\t\t\t<div class=\"elementor-divider\">\n\t\t\t<span class=\"elementor-divider-separator\">\n\t\t\t\t\t\t<\/span>\n\t\t<\/div>\n\t\t\t\t<\/div>\n\t\t\t\t<\/div>\n\t\t\t\t<div class=\"elementor-element elementor-element-32988634 elementor-widget elementor-widget-heading\" data-id=\"32988634\" data-element_type=\"widget\" data-widget_type=\"heading.default\">\n\t\t\t\t<div class=\"elementor-widget-container\">\n\t\t\t<h4 class=\"elementor-heading-title elementor-size-default\">Notre \u00e9quipe<\/h4>\t\t<\/div>\n\t\t\t\t<\/div>\n\t\t\t\t<div class=\"elementor-element elementor-element-4d77537 elementor-widget elementor-widget-text-editor\" data-id=\"4d77537\" data-element_type=\"widget\" data-widget_type=\"text-editor.default\">\n\t\t\t\t<div class=\"elementor-widget-container\">\n\t\t\t\t\t\t\t<p>Nous sommes <strong>une \u00e9quipe soud\u00e9e et passionn\u00e9e<\/strong>, anim\u00e9e par le d\u00e9sir de fournir des id\u00e9es innovantes \u00e0 nos clients. Nous cr\u00e9ons des identit\u00e9s de marque, concevons et construisons des sites web et r\u00e9alisons des campagnes marketing.<\/p><p>Originaires de <strong>Suisse<\/strong>, nous sommes des personnes inspirantes qui se compl\u00e8tent les unes avec les autres gr\u00e2ce \u00e0 des comp\u00e9tences diff\u00e9rentes et des exp\u00e9riences professionnelles vari\u00e9es dans le domaine du <strong>print &amp; digital<\/strong>. Aujourd&#8217;hui, nous pouvons mener des projets avec professionnalisme et en faire profiter \u00e0 nos clients.<\/p><p>Pour des projets plus complexes, <strong>nous travaillons avec une \u00e9quipe de d\u00e9veloppeurs et d&#8217;autres talents<\/strong> qui compl\u00e8tent nos profiles pour vous donner le service le plus complet possible.<\/p><p>Ensemble, nous sommes inspir\u00e9s pour faire de vos projets une r\u00e9alit\u00e9.\u00a0\u00a0<\/p>\t\t\t\t\t\t<\/div>\n\t\t\t\t<\/div>\n\t\t\t\t<div class=\"elementor-element elementor-element-3ae4073f elementor-widget-divider--view-line elementor-widget elementor-widget-divider\" data-id=\"3ae4073f\" data-element_type=\"widget\" data-widget_type=\"divider.default\">\n\t\t\t\t<div class=\"elementor-widget-container\">\n\t\t\t\t\t<div class=\"elementor-divider\">\n\t\t\t<span class=\"elementor-divider-separator\">\n\t\t\t\t\t\t<\/span>\n\t\t<\/div>\n\t\t\t\t<\/div>\n\t\t\t\t<\/div>\n\t\t\t\t\t<\/div>\n\t\t<\/div>\n\t\t\t\t\t<\/div>\n\t\t<\/section>\n\t\t\t\t<section class=\"elementor-section elementor-top-section elementor-element elementor-element-6a1e103 elementor-section-boxed elementor-section-height-default elementor-section-height-default\" data-id=\"6a1e103\" data-element_type=\"section\">\n\t\t\t\t\t\t<div class=\"elementor-container elementor-column-gap-default\">\n\t\t\t\t\t<div class=\"elementor-column elementor-col-50 elementor-top-column elementor-element elementor-element-5ee2c50\" data-id=\"5ee2c50\" data-element_type=\"column\">\n\t\t\t<div class=\"elementor-widget-wrap elementor-element-populated\">\n\t\t\t\t\t\t<div class=\"elementor-element elementor-element-5881630e elementor-widget elementor-widget-image\" data-id=\"5881630e\" data-element_type=\"widget\" data-widget_type=\"image.default\">\n\t\t\t\t<div class=\"elementor-widget-container\">\n\t\t\t\t\t\t\t\t\t\t\t\t\t<img fetchpriority=\"high\" decoding=\"async\" width=\"2000\" height=\"2094\" src=\"https:\/\/www.g-imagine.ch\/fr\/wp-content\/uploads\/2020\/06\/noemi-cv-photo.png\" class=\"attachment-full size-full wp-image-1340\" alt=\"\" srcset=\"https:\/\/www.g-imagine.ch\/fr\/wp-content\/uploads\/2020\/06\/noemi-cv-photo.png 2000w, https:\/\/www.g-imagine.ch\/fr\/wp-content\/uploads\/2020\/06\/noemi-cv-photo-287x300.png 287w, https:\/\/www.g-imagine.ch\/fr\/wp-content\/uploads\/2020\/06\/noemi-cv-photo-978x1024.png 978w, https:\/\/www.g-imagine.ch\/fr\/wp-content\/uploads\/2020\/06\/noemi-cv-photo-768x804.png 768w, https:\/\/www.g-imagine.ch\/fr\/wp-content\/uploads\/2020\/06\/noemi-cv-photo-1467x1536.png 1467w, https:\/\/www.g-imagine.ch\/fr\/wp-content\/uploads\/2020\/06\/noemi-cv-photo-1956x2048.png 1956w\" sizes=\"(max-width: 2000px) 100vw, 2000px\" \/>\t\t\t\t\t\t\t\t\t\t\t\t\t<\/div>\n\t\t\t\t<\/div>\n\t\t\t\t<div class=\"elementor-element elementor-element-ab9c410 elementor-widget elementor-widget-text-editor\" data-id=\"ab9c410\" data-element_type=\"widget\" data-widget_type=\"text-editor.default\">\n\t\t\t\t<div class=\"elementor-widget-container\">\n\t\t\t\t\t\t\t<h4><strong>Noemi Garcia <\/strong><\/h4>\t\t\t\t\t\t<\/div>\n\t\t\t\t<\/div>\n\t\t\t\t<div class=\"elementor-element elementor-element-5202168 elementor-widget elementor-widget-heading\" data-id=\"5202168\" data-element_type=\"widget\" data-widget_type=\"heading.default\">\n\t\t\t\t<div class=\"elementor-widget-container\">\n\t\t\t<h4 class=\"elementor-heading-title elementor-size-default\">FOUNDER<\/h4>\t\t<\/div>\n\t\t\t\t<\/div>\n\t\t\t\t<div class=\"elementor-element elementor-element-a4104ae elementor-widget elementor-widget-heading\" data-id=\"a4104ae\" data-element_type=\"widget\" data-widget_type=\"heading.default\">\n\t\t\t\t<div class=\"elementor-widget-container\">\n\t\t\t<h2 class=\"elementor-heading-title elementor-size-default\">Web Project Manager \/ Designer<\/h2>\t\t<\/div>\n\t\t\t\t<\/div>\n\t\t\t\t<div class=\"elementor-element elementor-element-319d53c9 elementor-widget elementor-widget-text-editor\" data-id=\"319d53c9\" data-element_type=\"widget\" data-widget_type=\"text-editor.default\">\n\t\t\t\t<div class=\"elementor-widget-container\">\n\t\t\t\t\t\t\t<p>Elle sera heureuse de g\u00e9rer votre projet web et de vous accompagner tout au long du processus. <strong>Sp\u00e9cialis\u00e9e dans la conception graphique<\/strong> sur tous les canaux de communication, elle s&#8217;occupe de <strong>la cr\u00e9ation de sites web<\/strong>, de la conception d&#8217;interfaces <strong>UI\/UX<\/strong> et du <strong>marketing digital<\/strong>. Avec plus de 10 ans d&#8217;exp\u00e9rience dans des start-ups et des entreprises suisses, elle a acquis une vision globale et des connaissances en mati\u00e8re de gestion de projets print et web.<\/p>\n<p>Elle a <strong>fond\u00e9 G-imagine en 2017<\/strong> et travaille depuis en tant que freelance en Suisse et dans diff\u00e9rentes parties du monde. Elle parle trois langues (Fran\u00e7ais, espagnol et anglais). Elle sait que la technologie progresse rapidement et s&#8217;assure d&#8217;\u00eatre \u00e0 jour pour conseiller et guider ses clients dans leurs projets.<\/p>\n<p>Son point fort : Elle est \u00e0 l&#8217;\u00e9coute et aime apporter de la cr\u00e9ativit\u00e9 et trouver des solutions innovantes pour ses clients.<\/p>\n<p>Passionn\u00e9e par la photographie et la vid\u00e9o, elle peut vous proposer des animations et des contenus originaux pour vos r\u00e9seaux sociaux.&nbsp; <a href=\"http:\/\/www.capturamomento.ch\">www.capturamomento.ch<\/a><\/p>\t\t\t\t\t\t<\/div>\n\t\t\t\t<\/div>\n\t\t\t\t<div class=\"elementor-element elementor-element-5298ea66 elementor-shape-circle elementor-grid-0 e-grid-align-center elementor-widget elementor-widget-social-icons\" data-id=\"5298ea66\" data-element_type=\"widget\" data-widget_type=\"social-icons.default\">\n\t\t\t\t<div class=\"elementor-widget-container\">\n\t\t\t\t\t<div class=\"elementor-social-icons-wrapper elementor-grid\">\n\t\t\t\t\t\t\t<span class=\"elementor-grid-item\">\n\t\t\t\t\t<a class=\"elementor-icon elementor-social-icon elementor-social-icon-instagram elementor-repeater-item-sc1ekgb\" href=\"https:\/\/www.instagram.com\/noeetravel\/\" target=\"_blank\">\n\t\t\t\t\t\t<span class=\"elementor-screen-only\">Instagram<\/span>\n\t\t\t\t\t\t\t\t\t\t\t\t\t<i class=\"fa fa-instagram\"><\/i>\n\t\t\t\t\t\t\t\t\t\t\t<\/a>\n\t\t\t\t<\/span>\n\t\t\t\t\t\t\t<span class=\"elementor-grid-item\">\n\t\t\t\t\t<a class=\"elementor-icon elementor-social-icon elementor-social-icon-linkedin elementor-repeater-item-5w3h67l\" href=\"https:\/\/www.linkedin.com\/in\/noemi-garcia-8b38a474\/\" target=\"_blank\">\n\t\t\t\t\t\t<span class=\"elementor-screen-only\">Linkedin<\/span>\n\t\t\t\t\t\t\t\t\t\t\t\t\t<i class=\"fa fa-linkedin\"><\/i>\n\t\t\t\t\t\t\t\t\t\t\t<\/a>\n\t\t\t\t<\/span>\n\t\t\t\t\t<\/div>\n\t\t\t\t<\/div>\n\t\t\t\t<\/div>\n\t\t\t\t\t<\/div>\n\t\t<\/div>\n\t\t\t\t<div class=\"elementor-column elementor-col-50 elementor-top-column elementor-element elementor-element-7e5109f\" data-id=\"7e5109f\" data-element_type=\"column\">\n\t\t\t<div class=\"elementor-widget-wrap elementor-element-populated\">\n\t\t\t\t\t\t<div class=\"elementor-element elementor-element-6b477e9 elementor-widget elementor-widget-image\" data-id=\"6b477e9\" data-element_type=\"widget\" data-widget_type=\"image.default\">\n\t\t\t\t<div class=\"elementor-widget-container\">\n\t\t\t\t\t\t\t\t\t\t\t\t\t<img decoding=\"async\" width=\"2320\" height=\"2320\" src=\"https:\/\/www.g-imagine.ch\/fr\/wp-content\/uploads\/2020\/06\/jessica-suisse-communitymanager.png\" class=\"attachment-full size-full wp-image-1588\" alt=\"\" srcset=\"https:\/\/www.g-imagine.ch\/fr\/wp-content\/uploads\/2020\/06\/jessica-suisse-communitymanager.png 2320w, https:\/\/www.g-imagine.ch\/fr\/wp-content\/uploads\/2020\/06\/jessica-suisse-communitymanager-300x300.png 300w, https:\/\/www.g-imagine.ch\/fr\/wp-content\/uploads\/2020\/06\/jessica-suisse-communitymanager-1024x1024.png 1024w, https:\/\/www.g-imagine.ch\/fr\/wp-content\/uploads\/2020\/06\/jessica-suisse-communitymanager-150x150.png 150w, https:\/\/www.g-imagine.ch\/fr\/wp-content\/uploads\/2020\/06\/jessica-suisse-communitymanager-768x768.png 768w, https:\/\/www.g-imagine.ch\/fr\/wp-content\/uploads\/2020\/06\/jessica-suisse-communitymanager-1536x1536.png 1536w, https:\/\/www.g-imagine.ch\/fr\/wp-content\/uploads\/2020\/06\/jessica-suisse-communitymanager-2048x2048.png 2048w\" sizes=\"(max-width: 2320px) 100vw, 2320px\" \/>\t\t\t\t\t\t\t\t\t\t\t\t\t<\/div>\n\t\t\t\t<\/div>\n\t\t\t\t<div class=\"elementor-element elementor-element-6ce18ed elementor-widget elementor-widget-text-editor\" data-id=\"6ce18ed\" data-element_type=\"widget\" data-widget_type=\"text-editor.default\">\n\t\t\t\t<div class=\"elementor-widget-container\">\n\t\t\t\t\t\t\t<h4><strong>Jessica oliveira<\/strong><\/h4>\t\t\t\t\t\t<\/div>\n\t\t\t\t<\/div>\n\t\t\t\t<div class=\"elementor-element elementor-element-2cf8fe7 elementor-widget elementor-widget-heading\" data-id=\"2cf8fe7\" data-element_type=\"widget\" data-widget_type=\"heading.default\">\n\t\t\t\t<div class=\"elementor-widget-container\">\n\t\t\t<h4 class=\"elementor-heading-title elementor-size-default\">associ\u00e9e<\/h4>\t\t<\/div>\n\t\t\t\t<\/div>\n\t\t\t\t<div class=\"elementor-element elementor-element-1604fdc elementor-widget elementor-widget-heading\" data-id=\"1604fdc\" data-element_type=\"widget\" data-widget_type=\"heading.default\">\n\t\t\t\t<div class=\"elementor-widget-container\">\n\t\t\t<h2 class=\"elementor-heading-title elementor-size-default\">assistantE VIRTUELLE - Marketing Digital<\/h2>\t\t<\/div>\n\t\t\t\t<\/div>\n\t\t\t\t<div class=\"elementor-element elementor-element-1de8f38 elementor-widget elementor-widget-text-editor\" data-id=\"1de8f38\" data-element_type=\"widget\" data-widget_type=\"text-editor.default\">\n\t\t\t\t<div class=\"elementor-widget-container\">\n\t\t\t\t\t\t\t<p>Toujours \u00e0 la recherche de nouveaux projets et de nouvelles opportunit\u00e9s, elle a pass\u00e9 plusieurs ann\u00e9es \u00e0 travailler pour des start-ups suisses et internationales en les aidant \u00e0 promouvoir leurs projets.\u00a0<\/p><p>Titulaire d&#8217;un dipl\u00f4me en marketing et communication et d&#8217;un Bachelor en International Business Management avec sp\u00e9cialisation en Business Analyst, elle a choisi de se <strong>sp\u00e9cialiser dans le marketing digital<\/strong> pour aider les personnes \u00e0 d\u00e9velopper leur activit\u00e9 en ligne et \u00e0 choisir les meilleures strat\u00e9gies pour leur projet.\u00a0<\/p><p>Elle s&#8217;occupe <strong>des r\u00e9seaux sociaux<\/strong> et des strat\u00e9gies de marketing, donnant plus de visibilit\u00e9 en augmentant le trafic et en obtenant de <strong>nouveaux clients<\/strong>.\u00a0<\/p><p>Gr\u00e2ce \u00e0 son exp\u00e9rience dans l&#8217;administration, elle offre \u00e9galement ses services en tant qu&#8217;<strong>assistante virtuelle<\/strong> pour tout type de support administratif.\u00a0<\/p><p>Ses points forts : parlant couramment <strong>4 langues<\/strong>, elle peut s&#8217;exprimer avec efficacit\u00e9 avec tous ses clients et peut facilement comprendre leurs besoins. A l&#8217;\u00e9coute, elle fait son travail avec pr\u00e9cision.\u00a0<\/p><p>Cela fait maintenant 2 ans qu&#8217;elle est une &#8220;digital nomad&#8221; travaillant depuis chaque recoin du globe. Elle a donc appris \u00e0 travailler \u00e0 distance avec efficacit\u00e9.<\/p>\t\t\t\t\t\t<\/div>\n\t\t\t\t<\/div>\n\t\t\t\t<div class=\"elementor-element elementor-element-3416490 elementor-shape-circle elementor-grid-0 e-grid-align-center elementor-widget elementor-widget-social-icons\" data-id=\"3416490\" data-element_type=\"widget\" data-widget_type=\"social-icons.default\">\n\t\t\t\t<div class=\"elementor-widget-container\">\n\t\t\t\t\t<div class=\"elementor-social-icons-wrapper elementor-grid\">\n\t\t\t\t\t\t\t<span class=\"elementor-grid-item\">\n\t\t\t\t\t<a class=\"elementor-icon elementor-social-icon elementor-social-icon-linkedin elementor-repeater-item-5w3h67l\" href=\"https:\/\/www.linkedin.com\/in\/jessica-oliveira-26a46065\/\" target=\"_blank\">\n\t\t\t\t\t\t<span class=\"elementor-screen-only\">Linkedin<\/span>\n\t\t\t\t\t\t\t\t\t\t\t\t\t<i class=\"fa fa-linkedin\"><\/i>\n\t\t\t\t\t\t\t\t\t\t\t<\/a>\n\t\t\t\t<\/span>\n\t\t\t\t\t<\/div>\n\t\t\t\t<\/div>\n\t\t\t\t<\/div>\n\t\t\t\t\t<\/div>\n\t\t<\/div>\n\t\t\t\t\t<\/div>\n\t\t<\/section>\n\t\t\t\t<section class=\"elementor-section elementor-top-section elementor-element elementor-element-3da8095b elementor-section-content-top elementor-section-boxed elementor-section-height-default elementor-section-height-default\" data-id=\"3da8095b\" data-element_type=\"section\">\n\t\t\t\t\t\t<div class=\"elementor-container elementor-column-gap-wide\">\n\t\t\t\t\t<div class=\"elementor-column elementor-col-50 elementor-top-column elementor-element elementor-element-44f285a\" data-id=\"44f285a\" data-element_type=\"column\">\n\t\t\t<div class=\"elementor-widget-wrap\">\n\t\t\t\t\t\t\t<\/div>\n\t\t<\/div>\n\t\t\t\t<div class=\"elementor-column elementor-col-50 elementor-top-column elementor-element elementor-element-191c9f28\" data-id=\"191c9f28\" data-element_type=\"column\">\n\t\t\t<div class=\"elementor-widget-wrap\">\n\t\t\t\t\t\t\t<\/div>\n\t\t<\/div>\n\t\t\t\t\t<\/div>\n\t\t<\/section>\n\t\t\t\t<section class=\"elementor-section elementor-top-section elementor-element elementor-element-241c90d5 elementor-section-boxed elementor-section-height-default elementor-section-height-default\" data-id=\"241c90d5\" data-element_type=\"section\">\n\t\t\t\t\t\t<div class=\"elementor-container elementor-column-gap-default\">\n\t\t\t\t\t<div class=\"elementor-column elementor-col-100 elementor-top-column elementor-element elementor-element-5918f8e5\" data-id=\"5918f8e5\" data-element_type=\"column\">\n\t\t\t<div class=\"elementor-widget-wrap elementor-element-populated\">\n\t\t\t\t\t\t<div class=\"elementor-element elementor-element-5ef67fd5 elementor-hidden-desktop elementor-hidden-tablet elementor-widget-divider--view-line elementor-widget elementor-widget-divider\" data-id=\"5ef67fd5\" data-element_type=\"widget\" data-widget_type=\"divider.default\">\n\t\t\t\t<div class=\"elementor-widget-container\">\n\t\t\t\t\t<div class=\"elementor-divider\">\n\t\t\t<span class=\"elementor-divider-separator\">\n\t\t\t\t\t\t<\/span>\n\t\t<\/div>\n\t\t\t\t<\/div>\n\t\t\t\t<\/div>\n\t\t\t\t\t<\/div>\n\t\t<\/div>\n\t\t\t\t\t<\/div>\n\t\t<\/section>\n\t\t\t\t<section class=\"elementor-section elementor-top-section elementor-element elementor-element-658e4d36 elementor-hidden-desktop elementor-hidden-tablet elementor-hidden-phone elementor-section-boxed elementor-section-height-default elementor-section-height-default\" data-id=\"658e4d36\" data-element_type=\"section\">\n\t\t\t\t\t\t<div class=\"elementor-container elementor-column-gap-default\">\n\t\t\t\t\t<div class=\"elementor-column elementor-col-50 elementor-top-column elementor-element elementor-element-3208d9f2\" data-id=\"3208d9f2\" data-element_type=\"column\">\n\t\t\t<div class=\"elementor-widget-wrap elementor-element-populated\">\n\t\t\t\t\t\t<div class=\"elementor-element elementor-element-10c31f6a elementor-widget elementor-widget-text-editor\" data-id=\"10c31f6a\" data-element_type=\"widget\" data-widget_type=\"text-editor.default\">\n\t\t\t\t<div class=\"elementor-widget-container\">\n\t\t\t\t\t\t\t<p>WHAT I CAN DO FOR YOU<\/p>\t\t\t\t\t\t<\/div>\n\t\t\t\t<\/div>\n\t\t\t\t<div class=\"elementor-element elementor-element-5b2b0ce2 elementor-widget elementor-widget-text-editor\" data-id=\"5b2b0ce2\" data-element_type=\"widget\" data-widget_type=\"text-editor.default\">\n\t\t\t\t<div class=\"elementor-widget-container\">\n\t\t\t\t\t\t\t<p>Manage your project with the different freelancers involved in your project.<br>I also take care of all the design part of your project:<br>I would love to bring your design ideas to life. I have a passion for creating beautiful, intuitive responsive websites<br>I can also help with branding and print needs such as logo design and business cards or stationery.<\/p>\n<p>Whatever project you have in mind, get in touch and we will work on it together.<br>I am available for freelance, contract or direct client projects.<\/p>\t\t\t\t\t\t<\/div>\n\t\t\t\t<\/div>\n\t\t\t\t\t<\/div>\n\t\t<\/div>\n\t\t\t\t<div class=\"elementor-column elementor-col-50 elementor-top-column elementor-element elementor-element-6ca9dae5\" data-id=\"6ca9dae5\" data-element_type=\"column\">\n\t\t\t<div class=\"elementor-widget-wrap elementor-element-populated\">\n\t\t\t\t\t\t<div class=\"elementor-element elementor-element-6aa40cf elementor-widget elementor-widget-text-editor\" data-id=\"6aa40cf\" data-element_type=\"widget\" data-widget_type=\"text-editor.default\">\n\t\t\t\t<div class=\"elementor-widget-container\">\n\t\t\t\t\t\t\t<p>Do you need help for your project?<\/p>\t\t\t\t\t\t<\/div>\n\t\t\t\t<\/div>\n\t\t\t\t<div class=\"elementor-element elementor-element-13b8ceb elementor-widget elementor-widget-text-editor\" data-id=\"13b8ceb\" data-element_type=\"widget\" data-widget_type=\"text-editor.default\">\n\t\t\t\t<div class=\"elementor-widget-container\">\n\t\t\t\t\t\t\t<p class=\"MsoNormal\"><span lang=\"EN-US\">Looking for a virtual assistant? She is here for you and for many other tasks:<\/span><\/p><p class=\"MsoNormal\"><span lang=\"EN-US\">Her knowledges in Portuguese, Spanish, English and French to translate or write all types of marketing content and website content, create Newsletters and manage your social networks<\/span><\/p><p class=\"MsoNormal\"><span lang=\"EN-US\">You can contact her if you need to get new quality leads too. She will prospect for you and help you find new customers through different channels such as internet research, social networks, emails or even cold call.<\/span><\/p><p class=\"MsoNormal\"><span lang=\"EN-US\">Do you need a SEO strategy to appear in the top position in Google and get more traffic? Let she knows! <\/span><\/p><p>\u00a0<\/p><p class=\"MsoNormal\"><span lang=\"EN-US\">She can also analyze for you the market and your competitors to find together the best digital strategy to implement.<\/span><\/p>\t\t\t\t\t\t<\/div>\n\t\t\t\t<\/div>\n\t\t\t\t\t<\/div>\n\t\t<\/div>\n\t\t\t\t\t<\/div>\n\t\t<\/section>\n\t\t\t\t<\/div>\n\t\t","protected":false},"excerpt":{"rendered":"<p>Notre \u00e9quipe Nous sommes une \u00e9quipe soud\u00e9e et passionn\u00e9e, anim\u00e9e par le d\u00e9sir de fournir des id\u00e9es innovantes \u00e0 nos clients. Nous cr\u00e9ons des identit\u00e9s de marque, concevons et construisons des sites web et r\u00e9alisons des campagnes marketing. Originaires de Suisse, nous sommes des personnes inspirantes qui se compl\u00e8tent les unes avec les autres gr\u00e2ce \u00e0 des comp\u00e9tences diff\u00e9rentes et des exp\u00e9riences professionnelles vari\u00e9es dans le domaine du print &amp; digital. Aujourd&#8217;hui, nous pouvons mener des projets avec professionnalisme et en faire profiter \u00e0 nos clients. Pour des projets plus complexes, nous travaillons avec une \u00e9quipe de d\u00e9veloppeurs et d&#8217;autres talents qui compl\u00e8tent nos profiles pour vous donner le service le plus complet possible. Ensemble, nous sommes inspir\u00e9s pour faire de vos projets une r\u00e9alit\u00e9.\u00a0\u00a0 Noemi Garcia FOUNDER Web Project Manager \/ Designer Elle sera heureuse de g\u00e9rer votre projet web et de vous accompagner tout au long du processus. Sp\u00e9cialis\u00e9e dans la conception graphique sur tous les canaux de communication, elle s&#8217;occupe de la cr\u00e9ation de sites web, de la conception d&#8217;interfaces UI\/UX et du marketing digital. Avec plus de 10 ans d&#8217;exp\u00e9rience dans des start-ups et des entreprises suisses, elle a acquis une vision globale et des connaissances [&hellip;]<\/p>\n","protected":false},"author":1,"featured_media":0,"parent":0,"menu_order":0,"comment_status":"closed","ping_status":"closed","template":"","meta":{"_monsterinsights_skip_tracking":false,"_monsterinsights_sitenote_active":false,"_monsterinsights_sitenote_note":"","_monsterinsights_sitenote_category":0,"footnotes":""},"yst_prominent_words":[66,224,70,225,205,181,207,206,222,223,65,221,54,213,209,227,203,226,210,208],"class_list":["post-907","page","type-page","status-publish","hentry"],"yoast_head":"<!-- This site is optimized with the Yoast SEO Premium plugin v14.1 - https:\/\/yoast.com\/wordpress\/plugins\/seo\/ -->\n<meta name=\"description\" content=\"Nous sommes une \u00e9quipe soud\u00e9e et passionn\u00e9e, anim\u00e9e par le d\u00e9sir de fournir des id\u00e9es innovantes \u00e0 nos clients. Nous cr\u00e9ons des identit\u00e9s de marque, concevons et construisons des sites web et r\u00e9alisons des campagnes de marketing.\" \/>\n<meta name=\"robots\" content=\"index, follow\" \/>\n<meta name=\"googlebot\" content=\"index, follow, max-snippet:-1, max-image-preview:large, max-video-preview:-1\" \/>\n<meta name=\"bingbot\" content=\"index, follow, max-snippet:-1, max-image-preview:large, max-video-preview:-1\" \/>\n<link rel=\"canonical\" href=\"https:\/\/www.g-imagine.ch\/fr\/about\/\" \/>\n<meta property=\"og:locale\" content=\"fr_FR\" \/>\n<meta property=\"og:type\" content=\"article\" \/>\n<meta property=\"og:title\" content=\"\u00c9quipe de freelancer en Suisse - Gestion de projet digital - G-imagine\" \/>\n<meta property=\"og:description\" content=\"Nous sommes une \u00e9quipe soud\u00e9e et passionn\u00e9e, anim\u00e9e par le d\u00e9sir de fournir des id\u00e9es innovantes \u00e0 nos clients. Nous cr\u00e9ons des identit\u00e9s de marque, concevons et construisons des sites web et r\u00e9alisons des campagnes de marketing.\" \/>\n<meta property=\"og:url\" content=\"https:\/\/www.g-imagine.ch\/fr\/about\/\" \/>\n<meta property=\"og:site_name\" content=\"www.g-imagine.ch\/fr\" \/>\n<meta property=\"article:publisher\" content=\"https:\/\/www.facebook.com\/G-imagine-1393205874103104\/\" \/>\n<meta property=\"article:modified_time\" content=\"2020-09-17T17:23:21+00:00\" \/>\n<meta property=\"og:image\" content=\"https:\/\/www.g-imagine.ch\/fr\/wp-content\/uploads\/2020\/06\/noemi-cv-photo.png\" \/>\n<meta name=\"twitter:card\" content=\"summary\" \/>\n<script type=\"application\/ld+json\" class=\"yoast-schema-graph\">{\"@context\":\"https:\/\/schema.org\",\"@graph\":[{\"@type\":\"WebSite\",\"@id\":\"https:\/\/www.g-imagine.ch\/fr\/#website\",\"url\":\"https:\/\/www.g-imagine.ch\/fr\/\",\"name\":\"www.g-imagine.ch\/fr\",\"description\":\"Print &amp; Digital Project\",\"potentialAction\":[{\"@type\":\"SearchAction\",\"target\":\"https:\/\/www.g-imagine.ch\/fr\/?s={search_term_string}\",\"query-input\":\"required name=search_term_string\"}],\"inLanguage\":\"fr-FR\"},{\"@type\":\"ImageObject\",\"@id\":\"https:\/\/www.g-imagine.ch\/fr\/about\/#primaryimage\",\"inLanguage\":\"fr-FR\",\"url\":\"https:\/\/www.g-imagine.ch\/fr\/wp-content\/uploads\/2020\/06\/noemi-cv-photo.png\",\"width\":2000,\"height\":2094},{\"@type\":\"WebPage\",\"@id\":\"https:\/\/www.g-imagine.ch\/fr\/about\/#webpage\",\"url\":\"https:\/\/www.g-imagine.ch\/fr\/about\/\",\"name\":\"\\u00c9quipe de freelancer en Suisse - Gestion de projet digital - G-imagine\",\"isPartOf\":{\"@id\":\"https:\/\/www.g-imagine.ch\/fr\/#website\"},\"primaryImageOfPage\":{\"@id\":\"https:\/\/www.g-imagine.ch\/fr\/about\/#primaryimage\"},\"datePublished\":\"2018-02-03T18:34:52+00:00\",\"dateModified\":\"2020-09-17T17:23:21+00:00\",\"description\":\"Nous sommes une \\u00e9quipe soud\\u00e9e et passionn\\u00e9e, anim\\u00e9e par le d\\u00e9sir de fournir des id\\u00e9es innovantes \\u00e0 nos clients. Nous cr\\u00e9ons des identit\\u00e9s de marque, concevons et construisons des sites web et r\\u00e9alisons des campagnes de marketing.\",\"inLanguage\":\"fr-FR\",\"potentialAction\":[{\"@type\":\"ReadAction\",\"target\":[\"https:\/\/www.g-imagine.ch\/fr\/about\/\"]}]}]}<\/script>\n<!-- \/ Yoast SEO Premium plugin. -->","_links":{"self":[{"href":"https:\/\/www.g-imagine.ch\/fr\/wp-json\/wp\/v2\/pages\/907"}],"collection":[{"href":"https:\/\/www.g-imagine.ch\/fr\/wp-json\/wp\/v2\/pages"}],"about":[{"href":"https:\/\/www.g-imagine.ch\/fr\/wp-json\/wp\/v2\/types\/page"}],"author":[{"embeddable":true,"href":"https:\/\/www.g-imagine.ch\/fr\/wp-json\/wp\/v2\/users\/1"}],"replies":[{"embeddable":true,"href":"https:\/\/www.g-imagine.ch\/fr\/wp-json\/wp\/v2\/comments?post=907"}],"version-history":[{"count":18,"href":"https:\/\/www.g-imagine.ch\/fr\/wp-json\/wp\/v2\/pages\/907\/revisions"}],"predecessor-version":[{"id":2198,"href":"https:\/\/www.g-imagine.ch\/fr\/wp-json\/wp\/v2\/pages\/907\/revisions\/2198"}],"wp:attachment":[{"href":"https:\/\/www.g-imagine.ch\/fr\/wp-json\/wp\/v2\/media?parent=907"}],"wp:term":[{"taxonomy":"yst_prominent_words","embeddable":true,"href":"https:\/\/www.g-imagine.ch\/fr\/wp-json\/wp\/v2\/yst_prominent_words?post=907"}],"curies":[{"name":"wp","href":"https:\/\/api.w.org\/{rel}","templated":true}]}}